{"id":2346,"date":"2025-09-26T13:17:39","date_gmt":"2025-09-26T11:17:39","guid":{"rendered":"https:\/\/lesmouffettes.fr\/?post_type=tribe_events&#038;p=2346"},"modified":"2025-09-26T13:17:39","modified_gmt":"2025-09-26T11:17:39","slug":"tecris-toi-jam","status":"publish","type":"tribe_events","link":"https:\/\/lesmouffettes.fr\/index.php\/event\/tecris-toi-jam\/","title":{"rendered":"T&rsquo;\u00e9cris toi + JAM"},"content":{"rendered":"<h5>Sc\u00e8ne ouverte \u00e0 tes textes<\/h5>\n<h3>sp\u00e9cial JAM<\/h3>\n<p>Un rendez vous en partenariat avec La Badiane association, pour partager et \u00e9changer des textes en cr\u00e9ation au caf\u00e9 des Mouffettes.<br \/>\nQue ce soit du sketch, de la po\u00e9sie ou de la prose, une lettre, une chanson ou une critique litt\u00e9raire, l\u2019id\u00e9e c\u2019est de venir avec tes mots, ceux que tu as \u00e9cris et que tu as envie de partager en public.<\/p>\n<h6>Pour cette session la sc\u00e8ne sera ouverte aussi \u00e0 la musique<\/h6>\n<p>Pas d\u2019enjeu, juste le plaisir des mots!<\/p>\n<p>Pour jouer, il faut:<\/p>\n<ul>\n<li>un texte unique de TA cr\u00e9ation<\/li>\n<li>lisible en 5 min maximum<\/li>\n<li>Respectant la charte s\u00e9cure des Mouffettes: Propos\u00a0 non discriminants, non violents et ouverts \u00e0 la discussion.<\/li>\n<\/ul>\n<p>Soir\u00e9e gratuite et ouverte \u00e0 toustes!<\/p>\n","protected":false},"excerpt":{"rendered":"<p>Sc\u00e8ne ouverte \u00e0 tes textes sp\u00e9cial JAM Un rendez vous en partenariat avec La Badiane association, pour partager et \u00e9changer des textes en cr\u00e9ation au caf\u00e9 des Mouffettes. Que ce [&hellip;]<\/p>\n","protected":false},"author":1,"featured_media":2347,"template":"","meta":{"_tribe_events_status":"","_tribe_events_status_reason":"","footnotes":""},"tags":[],"tribe_events_cat":[13,11,8],"class_list":["post-2346","tribe_events","type-tribe_events","status-publish","has-post-thumbnail","hentry","tribe_events_cat-rencontres-ateliers","tribe_events_cat-septembre-octobre","tribe_events_cat-soiree-speciale","cat_rencontres-ateliers","cat_septembre-octobre","cat_soiree-speciale"],"_links":{"self":[{"href":"https:\/\/lesmouffettes.fr\/index.php\/wp-json\/wp\/v2\/tribe_events\/2346","targetHints":{"allow":["GET"]}}],"collection":[{"href":"https:\/\/lesmouffettes.fr\/index.php\/wp-json\/wp\/v2\/tribe_events"}],"about":[{"href":"https:\/\/lesmouffettes.fr\/index.php\/wp-json\/wp\/v2\/types\/tribe_events"}],"author":[{"embeddable":true,"href":"https:\/\/lesmouffettes.fr\/index.php\/wp-json\/wp\/v2\/users\/1"}],"version-history":[{"count":1,"href":"https:\/\/lesmouffettes.fr\/index.php\/wp-json\/wp\/v2\/tribe_events\/2346\/revisions"}],"predecessor-version":[{"id":2348,"href":"https:\/\/lesmouffettes.fr\/index.php\/wp-json\/wp\/v2\/tribe_events\/2346\/revisions\/2348"}],"wp:featuredmedia":[{"embeddable":true,"href":"https:\/\/lesmouffettes.fr\/index.php\/wp-json\/wp\/v2\/media\/2347"}],"wp:attachment":[{"href":"https:\/\/lesmouffettes.fr\/index.php\/wp-json\/wp\/v2\/media?parent=2346"}],"wp:term":[{"taxonomy":"post_tag","embeddable":true,"href":"https:\/\/lesmouffettes.fr\/index.php\/wp-json\/wp\/v2\/tags?post=2346"},{"taxonomy":"tribe_events_cat","embeddable":true,"href":"https:\/\/lesmouffettes.fr\/index.php\/wp-json\/wp\/v2\/tribe_events_cat?post=2346"}],"curies":[{"name":"wp","href":"https:\/\/api.w.org\/{rel}","templated":true}]}}