{"id":2413,"date":"2025-10-31T15:38:20","date_gmt":"2025-10-31T14:38:20","guid":{"rendered":"https:\/\/lesmouffettes.fr\/?post_type=tribe_events&#038;p=2413"},"modified":"2025-11-28T16:43:53","modified_gmt":"2025-11-28T15:43:53","slug":"mouffettes-vos-encheres","status":"publish","type":"tribe_events","link":"https:\/\/lesmouffettes.fr\/index.php\/event\/mouffettes-vos-encheres\/","title":{"rendered":"Mouffettes vos Ench\u00e8res"},"content":{"rendered":"<h5>Soir\u00e9e de soutien aux Mouffettes<br \/>\nVente aux ench\u00e8res au profit de l\u2019association<\/h5>\n<p><strong>+ TRAITEUR SUR LA TERRASSE: L&rsquo;Inconstant &#8211; cuisine du monde<\/strong><\/p>\n<p>Vous nous avez d\u00e9j\u00e0 soutenu en mars 2024 lorsque le caf\u00e9 \u00e9tait menac\u00e9 de fermeture. Nous avions bien rigol\u00e9 \u00e0 organiser cette vente aux ench\u00e8res avec vous et nous avons \u00e9t\u00e9 tr\u00e8s \u00e9mues par votre soutien pr\u00e9cieux. Les sommes r\u00e9colt\u00e9es nous ont permis de maintenir \u00e0 flot un minimum d&rsquo;activit\u00e9 le temps d&rsquo;obtenir un renouvellement de bail. Merci encore!<\/p>\n<p>Aujourd&rsquo;hui la situation du caf\u00e9 a bien \u00e9volu\u00e9 puisque non seulement le bail des Mouffettes court jusqu&rsquo;en 2029 mais qu&rsquo;en plus une nouvelle salle vient compl\u00e9ter notre petit lieu chaleureux!<\/p>\n<p>Alors chouette un nouvel espace de jeu pour encore plus d&rsquo;activit\u00e9s, de programmations, d&rsquo;expositions, de coin de papote, de repas partag\u00e9s et d&rsquo;ap\u00e9ros anim\u00e9s!<\/p>\n<p>Et c&rsquo;est justement parce que le caf\u00e9 s&rsquo;agrandit sur une saison plut\u00f4t calme que nous avons besoin d&rsquo;un sacr\u00e9 petit coup de main pour nous aider \u00e0 tenir le cap des mois creux. Au del\u00e0 du soutien financier, vous retrouver, pousser les murs ensemble et rigoler encore beaucoup nous manque et nous donnerait du c\u0153ur \u00e0 l&rsquo;ouvrage &#8230;<\/p>\n<p>Alors on s&rsquo;aime encore?<\/p>\n<h6>Comment \u00e7a se passe:<\/h6>\n<ul>\n<li>D\u00e9p\u00f4t des objets au plus tard le jour m\u00eame jusqu\u2019\u00e0 18h30.<br \/>\nTu peux mettre en vente n\u2019importe quel objet, du moment que tu nous donne un prix et une courte description. Le reversement des gains sera au profit de l\u2019association les Mouffettes<\/li>\n<li>Ouverture des ventes \u00e0 19h. Les ventes seront anim\u00e9es par nos commissaires priseur priseuse Flo et Alice. Pas de chichis ni de tralalas et bonne ambiance assur\u00e9e.<\/li>\n<\/ul>\n<h6>Et apr\u00e8s:<\/h6>\n<p>On boit des coups, on rigole, on \u00e9change et on imagine la suite \u2026 Ensemble &lt;3<\/p>\n","protected":false},"excerpt":{"rendered":"<p>Soir\u00e9e de soutien aux Mouffettes Vente aux ench\u00e8res au profit de l\u2019association + TRAITEUR SUR LA TERRASSE: L&rsquo;Inconstant &#8211; cuisine du monde Vous nous avez d\u00e9j\u00e0 soutenu en mars 2024 [&hellip;]<\/p>\n","protected":false},"author":1,"featured_media":2414,"template":"","meta":{"_tribe_events_status":"","_tribe_events_status_reason":"","footnotes":""},"tags":[],"tribe_events_cat":[12,8],"class_list":["post-2413","tribe_events","type-tribe_events","status-publish","has-post-thumbnail","hentry","tribe_events_cat-novembre-decembre","tribe_events_cat-soiree-speciale","cat_novembre-decembre","cat_soiree-speciale"],"_links":{"self":[{"href":"https:\/\/lesmouffettes.fr\/index.php\/wp-json\/wp\/v2\/tribe_events\/2413","targetHints":{"allow":["GET"]}}],"collection":[{"href":"https:\/\/lesmouffettes.fr\/index.php\/wp-json\/wp\/v2\/tribe_events"}],"about":[{"href":"https:\/\/lesmouffettes.fr\/index.php\/wp-json\/wp\/v2\/types\/tribe_events"}],"author":[{"embeddable":true,"href":"https:\/\/lesmouffettes.fr\/index.php\/wp-json\/wp\/v2\/users\/1"}],"version-history":[{"count":2,"href":"https:\/\/lesmouffettes.fr\/index.php\/wp-json\/wp\/v2\/tribe_events\/2413\/revisions"}],"predecessor-version":[{"id":2449,"href":"https:\/\/lesmouffettes.fr\/index.php\/wp-json\/wp\/v2\/tribe_events\/2413\/revisions\/2449"}],"wp:featuredmedia":[{"embeddable":true,"href":"https:\/\/lesmouffettes.fr\/index.php\/wp-json\/wp\/v2\/media\/2414"}],"wp:attachment":[{"href":"https:\/\/lesmouffettes.fr\/index.php\/wp-json\/wp\/v2\/media?parent=2413"}],"wp:term":[{"taxonomy":"post_tag","embeddable":true,"href":"https:\/\/lesmouffettes.fr\/index.php\/wp-json\/wp\/v2\/tags?post=2413"},{"taxonomy":"tribe_events_cat","embeddable":true,"href":"https:\/\/lesmouffettes.fr\/index.php\/wp-json\/wp\/v2\/tribe_events_cat?post=2413"}],"curies":[{"name":"wp","href":"https:\/\/api.w.org\/{rel}","templated":true}]}}