{"id":2478,"date":"2025-12-23T11:51:39","date_gmt":"2025-12-23T10:51:39","guid":{"rendered":"https:\/\/lesmouffettes.fr\/?post_type=tribe_events&#038;p=2478"},"modified":"2025-12-23T11:51:39","modified_gmt":"2025-12-23T10:51:39","slug":"la-veillee-dolivier","status":"publish","type":"tribe_events","link":"https:\/\/lesmouffettes.fr\/index.php\/event\/la-veillee-dolivier\/","title":{"rendered":"La veill\u00e9e d\u2019Olivier"},"content":{"rendered":"<h5>Veill\u00e9e chant\u00e9e<\/h5>\n<p>Olivier est \u00e0 une table, il ne sait pas ce qu\u2019il va chanter, il discute, prend un verre, attend qu\u2019une alchimie se forme avec l\u2019un ou l\u2019une d\u2019entre vous et\u2026c\u2019est parti.<\/p>\n<p>Parmi les centaines de chansons qu\u2019il conna\u00eet, de Brassens aux VRP, d\u2019une chanson du Poitou \u00e0 un chant sarde, il y en a bien une qui viendra vous toucher en plein c\u0153ur, Olivier aime les concerts non pr\u00e9par\u00e9s, o\u00f9 le choix des chansons s\u2019invente en discutant avec le public, un concert \u00ab entre nous \u00bb.<\/p>\n<p><strong>les prochaines veill\u00e9es d&rsquo;Olivier:<\/strong><\/p>\n<ul>\n<li>vendredi 13 f\u00e9vrier<\/li>\n<li>vendredi 13 mars<\/li>\n<\/ul>\n<p><img loading=\"lazy\" decoding=\"async\" class=\"alignnone wp-image-1374 size-full\" src=\"https:\/\/lesmouffettes.fr\/wp-content\/uploads\/2024\/03\/MZ19751-2-scaled.jpg\" alt=\"\" width=\"2560\" height=\"1695\" srcset=\"https:\/\/lesmouffettes.fr\/wp-content\/uploads\/2024\/03\/MZ19751-2-scaled.jpg 2560w, https:\/\/lesmouffettes.fr\/wp-content\/uploads\/2024\/03\/MZ19751-2-300x199.jpg 300w, https:\/\/lesmouffettes.fr\/wp-content\/uploads\/2024\/03\/MZ19751-2-1024x678.jpg 1024w, https:\/\/lesmouffettes.fr\/wp-content\/uploads\/2024\/03\/MZ19751-2-768x509.jpg 768w, https:\/\/lesmouffettes.fr\/wp-content\/uploads\/2024\/03\/MZ19751-2-1536x1017.jpg 1536w, https:\/\/lesmouffettes.fr\/wp-content\/uploads\/2024\/03\/MZ19751-2-2048x1356.jpg 2048w, https:\/\/lesmouffettes.fr\/wp-content\/uploads\/2024\/03\/MZ19751-2-1200x795.jpg 1200w, https:\/\/lesmouffettes.fr\/wp-content\/uploads\/2024\/03\/MZ19751-2-1980x1311.jpg 1980w\" sizes=\"auto, (max-width: 2560px) 100vw, 2560px\" \/><\/p>\n","protected":false},"excerpt":{"rendered":"<p>Veill\u00e9e chant\u00e9e Olivier est \u00e0 une table, il ne sait pas ce qu\u2019il va chanter, il discute, prend un verre, attend qu\u2019une alchimie se forme avec l\u2019un ou l\u2019une d\u2019entre [&hellip;]<\/p>\n","protected":false},"author":1,"featured_media":2483,"template":"","meta":{"_tribe_events_status":"","_tribe_events_status_reason":"","footnotes":""},"tags":[],"tribe_events_cat":[14,13],"class_list":["post-2478","tribe_events","type-tribe_events","status-publish","has-post-thumbnail","hentry","tribe_events_cat-janvier-fevrier","tribe_events_cat-rencontres-ateliers","cat_janvier-fevrier","cat_rencontres-ateliers"],"_links":{"self":[{"href":"https:\/\/lesmouffettes.fr\/index.php\/wp-json\/wp\/v2\/tribe_events\/2478","targetHints":{"allow":["GET"]}}],"collection":[{"href":"https:\/\/lesmouffettes.fr\/index.php\/wp-json\/wp\/v2\/tribe_events"}],"about":[{"href":"https:\/\/lesmouffettes.fr\/index.php\/wp-json\/wp\/v2\/types\/tribe_events"}],"author":[{"embeddable":true,"href":"https:\/\/lesmouffettes.fr\/index.php\/wp-json\/wp\/v2\/users\/1"}],"version-history":[{"count":2,"href":"https:\/\/lesmouffettes.fr\/index.php\/wp-json\/wp\/v2\/tribe_events\/2478\/revisions"}],"predecessor-version":[{"id":2482,"href":"https:\/\/lesmouffettes.fr\/index.php\/wp-json\/wp\/v2\/tribe_events\/2478\/revisions\/2482"}],"wp:featuredmedia":[{"embeddable":true,"href":"https:\/\/lesmouffettes.fr\/index.php\/wp-json\/wp\/v2\/media\/2483"}],"wp:attachment":[{"href":"https:\/\/lesmouffettes.fr\/index.php\/wp-json\/wp\/v2\/media?parent=2478"}],"wp:term":[{"taxonomy":"post_tag","embeddable":true,"href":"https:\/\/lesmouffettes.fr\/index.php\/wp-json\/wp\/v2\/tags?post=2478"},{"taxonomy":"tribe_events_cat","embeddable":true,"href":"https:\/\/lesmouffettes.fr\/index.php\/wp-json\/wp\/v2\/tribe_events_cat?post=2478"}],"curies":[{"name":"wp","href":"https:\/\/api.w.org\/{rel}","templated":true}]}}