{"id":2493,"date":"2025-12-23T12:34:39","date_gmt":"2025-12-23T11:34:39","guid":{"rendered":"https:\/\/lesmouffettes.fr\/?post_type=tribe_events&#038;p=2493"},"modified":"2025-12-23T12:35:32","modified_gmt":"2025-12-23T11:35:32","slug":"rencontre-dedicace-christian-lejosne","status":"publish","type":"tribe_events","link":"https:\/\/lesmouffettes.fr\/index.php\/event\/rencontre-dedicace-christian-lejosne\/","title":{"rendered":"Rencontre d\u00e9dicace Christian Lejosne"},"content":{"rendered":"<h5>Rencontre d\u00e9dicace<br \/>\n\u00ab Arpenter la ville \u00bb<br \/>\nde Christian Lejosne<\/h5>\n<p>Christian Lejosne (membre de La Pens\u00e9e vagabonde et r\u00e9dacteur de Lo Publia\u00efre) pr\u00e9sentera son dernier<br \/>\nlivre \u00ab Arpenter la ville, Arras pas \u00e0 pas \u00bb (paru chez L&rsquo;Harmattan)<br \/>\nDes extraits seront lus par Isabelle David-Igel, lectrice \u00e0 voix haute. Une d\u00e9dicace suivra cette pr\u00e9sentation.<\/p>\n<p>Site officiel: <a href=\"https:\/\/christianlejosne.jimdofree.com\/\">https:\/\/christianlejosne.jimdofree.com\/<\/a><\/p>\n<ul>\n<li><em>Dans le cadre Les Nuits de la lecture sur le th\u00e8me \u00ab Villes et campagnes \u00bb, retrouvez aussi une manifestation de la Pens\u00e9e Vagabonde le Samedi 24 janvier \u00e0 18 heures \u00e0 la Biblioth\u00e8que de St Bauzille de Putois.<\/em><br \/>\n<em>Les membres du Club de lecture liront des extraits d&rsquo;ouvrages (romans, essais, nouvelles, bandes dessin\u00e9es)<\/em><br \/>\n<em>ayant pour th\u00e8me \u00ab\u00a0Villes et campagnes\u00a0\u00bb, dans les locaux de la biblioth\u00e8que Au gr\u00e9 des mots, 1199 avenue<\/em><br \/>\n<em>du chemin neuf. Vous pourrez \u00e9galement venir lire un texte court sur ce th\u00e8me. La soir\u00e9e se cl\u00f4turera,<\/em><br \/>\n<em>comme chaque ann\u00e9e, par le verre de l&rsquo;amiti\u00e9. (entr\u00e9e libre).<\/em><\/li>\n<\/ul>\n<p>&nbsp;<\/p>\n","protected":false},"excerpt":{"rendered":"<p>Rencontre d\u00e9dicace \u00ab Arpenter la ville \u00bb de Christian Lejosne Christian Lejosne (membre de La Pens\u00e9e vagabonde et r\u00e9dacteur de Lo Publia\u00efre) pr\u00e9sentera son dernier livre \u00ab Arpenter la ville, [&hellip;]<\/p>\n","protected":false},"author":1,"featured_media":2494,"template":"","meta":{"_tribe_events_status":"","_tribe_events_status_reason":"","footnotes":""},"tags":[],"tribe_events_cat":[14,13],"class_list":["post-2493","tribe_events","type-tribe_events","status-publish","has-post-thumbnail","hentry","tribe_events_cat-janvier-fevrier","tribe_events_cat-rencontres-ateliers","cat_janvier-fevrier","cat_rencontres-ateliers"],"_links":{"self":[{"href":"https:\/\/lesmouffettes.fr\/index.php\/wp-json\/wp\/v2\/tribe_events\/2493","targetHints":{"allow":["GET"]}}],"collection":[{"href":"https:\/\/lesmouffettes.fr\/index.php\/wp-json\/wp\/v2\/tribe_events"}],"about":[{"href":"https:\/\/lesmouffettes.fr\/index.php\/wp-json\/wp\/v2\/types\/tribe_events"}],"author":[{"embeddable":true,"href":"https:\/\/lesmouffettes.fr\/index.php\/wp-json\/wp\/v2\/users\/1"}],"version-history":[{"count":3,"href":"https:\/\/lesmouffettes.fr\/index.php\/wp-json\/wp\/v2\/tribe_events\/2493\/revisions"}],"predecessor-version":[{"id":2497,"href":"https:\/\/lesmouffettes.fr\/index.php\/wp-json\/wp\/v2\/tribe_events\/2493\/revisions\/2497"}],"wp:featuredmedia":[{"embeddable":true,"href":"https:\/\/lesmouffettes.fr\/index.php\/wp-json\/wp\/v2\/media\/2494"}],"wp:attachment":[{"href":"https:\/\/lesmouffettes.fr\/index.php\/wp-json\/wp\/v2\/media?parent=2493"}],"wp:term":[{"taxonomy":"post_tag","embeddable":true,"href":"https:\/\/lesmouffettes.fr\/index.php\/wp-json\/wp\/v2\/tags?post=2493"},{"taxonomy":"tribe_events_cat","embeddable":true,"href":"https:\/\/lesmouffettes.fr\/index.php\/wp-json\/wp\/v2\/tribe_events_cat?post=2493"}],"curies":[{"name":"wp","href":"https:\/\/api.w.org\/{rel}","templated":true}]}}