{"id":2607,"date":"2026-02-24T10:05:11","date_gmt":"2026-02-24T09:05:11","guid":{"rendered":"https:\/\/lesmouffettes.fr\/?post_type=tribe_events&#038;p=2607"},"modified":"2026-02-24T10:05:11","modified_gmt":"2026-02-24T09:05:11","slug":"bem-brasil-trio","status":"publish","type":"tribe_events","link":"https:\/\/lesmouffettes.fr\/index.php\/event\/bem-brasil-trio\/","title":{"rendered":"BEM BRASIL Trio"},"content":{"rendered":"<h5>Musique br\u00e9silienne<\/h5>\n<p>Louise, au pandeiro, Seba, \u00e0 la mandoline br\u00e9silienne et Wim, \u00e0 la guitare 7 cordes, vous propose \u00e0 un concert autour du r\u00e9pertoire du Choro ,un style de musique instrumentale n\u00e9 \u00e0 Rio de Janeiro, riche de 170 ans d\u2019histoire. Au Br\u00e9sil, il est pratiqu\u00e9 sur les places publiques, les march\u00e9s, dans les bars de fa\u00e7on conviviale et d\u00e9tendue et bien s\u00fbr dans les th\u00e9\u00e2tres et salles de concert de fa\u00e7on plus formelle.<\/p>\n<p><iframe loading=\"lazy\" title=\"Bem Brasil - Choro Dos Amigos\" width=\"580\" height=\"326\" src=\"https:\/\/www.youtube.com\/embed\/Ub7kQTlAYr4?feature=oembed\" frameborder=\"0\" allow=\"accelerometer; autoplay; clipboard-write; encrypted-media; gyroscope; picture-in-picture; web-share\" referrerpolicy=\"strict-origin-when-cross-origin\" allowfullscreen><\/iframe><\/p>\n","protected":false},"excerpt":{"rendered":"<p>Musique br\u00e9silienne Louise, au pandeiro, Seba, \u00e0 la mandoline br\u00e9silienne et Wim, \u00e0 la guitare 7 cordes, vous propose \u00e0 un concert autour du r\u00e9pertoire du Choro ,un style de [&hellip;]<\/p>\n","protected":false},"author":1,"featured_media":2608,"template":"","meta":{"_tribe_events_status":"","_tribe_events_status_reason":"","footnotes":""},"tags":[],"tribe_events_cat":[15,7],"class_list":["post-2607","tribe_events","type-tribe_events","status-publish","has-post-thumbnail","hentry","tribe_events_cat-mars-avril","tribe_events_cat-spectacles","cat_mars-avril","cat_spectacles"],"_links":{"self":[{"href":"https:\/\/lesmouffettes.fr\/index.php\/wp-json\/wp\/v2\/tribe_events\/2607","targetHints":{"allow":["GET"]}}],"collection":[{"href":"https:\/\/lesmouffettes.fr\/index.php\/wp-json\/wp\/v2\/tribe_events"}],"about":[{"href":"https:\/\/lesmouffettes.fr\/index.php\/wp-json\/wp\/v2\/types\/tribe_events"}],"author":[{"embeddable":true,"href":"https:\/\/lesmouffettes.fr\/index.php\/wp-json\/wp\/v2\/users\/1"}],"version-history":[{"count":1,"href":"https:\/\/lesmouffettes.fr\/index.php\/wp-json\/wp\/v2\/tribe_events\/2607\/revisions"}],"predecessor-version":[{"id":2609,"href":"https:\/\/lesmouffettes.fr\/index.php\/wp-json\/wp\/v2\/tribe_events\/2607\/revisions\/2609"}],"wp:featuredmedia":[{"embeddable":true,"href":"https:\/\/lesmouffettes.fr\/index.php\/wp-json\/wp\/v2\/media\/2608"}],"wp:attachment":[{"href":"https:\/\/lesmouffettes.fr\/index.php\/wp-json\/wp\/v2\/media?parent=2607"}],"wp:term":[{"taxonomy":"post_tag","embeddable":true,"href":"https:\/\/lesmouffettes.fr\/index.php\/wp-json\/wp\/v2\/tags?post=2607"},{"taxonomy":"tribe_events_cat","embeddable":true,"href":"https:\/\/lesmouffettes.fr\/index.php\/wp-json\/wp\/v2\/tribe_events_cat?post=2607"}],"curies":[{"name":"wp","href":"https:\/\/api.w.org\/{rel}","templated":true}]}}